{"id":1858,"date":"2024-08-23T10:23:41","date_gmt":"2024-08-23T08:23:41","guid":{"rendered":"https:\/\/gockenholz.de\/home\/?post_type=tribe_events&#038;p=1858"},"modified":"2024-08-23T10:23:41","modified_gmt":"2024-08-23T08:23:41","slug":"fuehrung-durch-die-obstplantage","status":"publish","type":"tribe_events","link":"https:\/\/gockenholz.de\/home\/event\/fuehrung-durch-die-obstplantage\/","title":{"rendered":"F\u00fchrung durch die Obstplantage"},"content":{"rendered":"<p>F\u00fchrung durch die Ostplantage mit Wilhelm Alps. Wissenwertes rund um den Obstanbau und deren Vermarktung.<br \/>\nTreffen am neuen B\u00fcrgerhausum 11 Uhr. Die Tour endet am Beerencaf\u00e9. Die Plantagenbahn f\u00e4hrt mit.<\/p>\n","protected":false},"excerpt":{"rendered":"<p>F\u00fchrung durch die Ostplantage mit Wilhelm Alps. Wissenwertes rund um den Obstanbau und deren Vermarktung. Treffen am neuen B\u00fcrgerhausum 11 Uhr. Die Tour endet am Beerencaf\u00e9. Die Plantagenbahn f\u00e4hrt mit.<\/p>\n","protected":false},"author":5,"featured_media":1860,"template":"","meta":{"_tribe_events_status":"","_tribe_events_status_reason":"","footnotes":""},"tags":[],"tribe_events_cat":[],"class_list":["post-1858","tribe_events","type-tribe_events","status-publish","has-post-thumbnail","hentry"],"yoast_head":"<!-- This site is optimized with the Yoast SEO plugin v27.5 - https:\/\/yoast.com\/product\/yoast-seo-wordpress\/ -->\n<title>F\u00fchrung durch die Obstplantage - gockenholz.de<\/title>\n<meta name=\"robots\" content=\"index, follow, max-snippet:-1, max-image-preview:large, max-video-preview:-1\" \/>\n<link rel=\"canonical\" href=\"https:\/\/gockenholz.de\/home\/event\/fuehrung-durch-die-obstplantage\/\" \/>\n<meta property=\"og:locale\" content=\"de_DE\" \/>\n<meta property=\"og:type\" content=\"article\" \/>\n<meta property=\"og:title\" content=\"F\u00fchrung durch die Obstplantage - gockenholz.de\" \/>\n<meta property=\"og:description\" content=\"F\u00fchrung durch die Ostplantage mit Wilhelm Alps. Wissenwertes rund um den Obstanbau und deren Vermarktung. Treffen am neuen B\u00fcrgerhausum 11 Uhr. Die Tour endet am Beerencaf\u00e9. Die Plantagenbahn f\u00e4hrt mit.\" \/>\n<meta property=\"og:url\" content=\"https:\/\/gockenholz.de\/home\/event\/fuehrung-durch-die-obstplantage\/\" \/>\n<meta property=\"og:site_name\" content=\"gockenholz.de\" \/>\n<meta property=\"article:publisher\" content=\"https:\/\/www.facebook.com\/Gockenholz\/\" \/>\n<meta property=\"og:image\" content=\"https:\/\/gockenholz.de\/home\/wp-content\/uploads\/2024\/08\/Aepfel.jpg\" \/>\n\t<meta property=\"og:image:width\" content=\"383\" \/>\n\t<meta property=\"og:image:height\" content=\"380\" \/>\n\t<meta property=\"og:image:type\" content=\"image\/jpeg\" \/>\n<meta name=\"twitter:card\" content=\"summary_large_image\" \/>\n<meta name=\"twitter:label1\" content=\"Gesch\u00e4tzte Lesezeit\" \/>\n\t<meta name=\"twitter:data1\" content=\"1\u00a0Minute\" \/>\n<script type=\"application\/ld+json\" class=\"yoast-schema-graph\">{\"@context\":\"https:\\\/\\\/schema.org\",\"@graph\":[{\"@type\":\"WebPage\",\"@id\":\"https:\\\/\\\/gockenholz.de\\\/home\\\/event\\\/fuehrung-durch-die-obstplantage\\\/\",\"url\":\"https:\\\/\\\/gockenholz.de\\\/home\\\/event\\\/fuehrung-durch-die-obstplantage\\\/\",\"name\":\"F\u00fchrung durch die Obstplantage - gockenholz.de\",\"isPartOf\":{\"@id\":\"https:\\\/\\\/gockenholz.de\\\/home\\\/#website\"},\"primaryImageOfPage\":{\"@id\":\"https:\\\/\\\/gockenholz.de\\\/home\\\/event\\\/fuehrung-durch-die-obstplantage\\\/#primaryimage\"},\"image\":{\"@id\":\"https:\\\/\\\/gockenholz.de\\\/home\\\/event\\\/fuehrung-durch-die-obstplantage\\\/#primaryimage\"},\"thumbnailUrl\":\"https:\\\/\\\/gockenholz.de\\\/home\\\/wp-content\\\/uploads\\\/2024\\\/08\\\/Aepfel.jpg\",\"datePublished\":\"2024-08-23T08:23:41+00:00\",\"breadcrumb\":{\"@id\":\"https:\\\/\\\/gockenholz.de\\\/home\\\/event\\\/fuehrung-durch-die-obstplantage\\\/#breadcrumb\"},\"inLanguage\":\"de\",\"potentialAction\":[{\"@type\":\"ReadAction\",\"target\":[\"https:\\\/\\\/gockenholz.de\\\/home\\\/event\\\/fuehrung-durch-die-obstplantage\\\/\"]}]},{\"@type\":\"ImageObject\",\"inLanguage\":\"de\",\"@id\":\"https:\\\/\\\/gockenholz.de\\\/home\\\/event\\\/fuehrung-durch-die-obstplantage\\\/#primaryimage\",\"url\":\"https:\\\/\\\/gockenholz.de\\\/home\\\/wp-content\\\/uploads\\\/2024\\\/08\\\/Aepfel.jpg\",\"contentUrl\":\"https:\\\/\\\/gockenholz.de\\\/home\\\/wp-content\\\/uploads\\\/2024\\\/08\\\/Aepfel.jpg\",\"width\":383,\"height\":380},{\"@type\":\"BreadcrumbList\",\"@id\":\"https:\\\/\\\/gockenholz.de\\\/home\\\/event\\\/fuehrung-durch-die-obstplantage\\\/#breadcrumb\",\"itemListElement\":[{\"@type\":\"ListItem\",\"position\":1,\"name\":\"Startseite\",\"item\":\"https:\\\/\\\/gockenholz.de\\\/home\\\/willkommen-in-gockenholz\\\/\"},{\"@type\":\"ListItem\",\"position\":2,\"name\":\"Veranstaltungen\",\"item\":\"https:\\\/\\\/gockenholz.de\\\/home\\\/events\\\/\"},{\"@type\":\"ListItem\",\"position\":3,\"name\":\"F\u00fchrung durch die Obstplantage\"}]},{\"@type\":\"WebSite\",\"@id\":\"https:\\\/\\\/gockenholz.de\\\/home\\\/#website\",\"url\":\"https:\\\/\\\/gockenholz.de\\\/home\\\/\",\"name\":\"gockenholz.de\",\"description\":\"Hier l\u00e4sst es sich leben!\",\"publisher\":{\"@id\":\"https:\\\/\\\/gockenholz.de\\\/home\\\/#organization\"},\"potentialAction\":[{\"@type\":\"SearchAction\",\"target\":{\"@type\":\"EntryPoint\",\"urlTemplate\":\"https:\\\/\\\/gockenholz.de\\\/home\\\/?s={search_term_string}\"},\"query-input\":{\"@type\":\"PropertyValueSpecification\",\"valueRequired\":true,\"valueName\":\"search_term_string\"}}],\"inLanguage\":\"de\"},{\"@type\":\"Organization\",\"@id\":\"https:\\\/\\\/gockenholz.de\\\/home\\\/#organization\",\"name\":\"B\u00fcrgerverein Gockenholz e. V.\",\"url\":\"https:\\\/\\\/gockenholz.de\\\/home\\\/\",\"logo\":{\"@type\":\"ImageObject\",\"inLanguage\":\"de\",\"@id\":\"https:\\\/\\\/gockenholz.de\\\/home\\\/#\\\/schema\\\/logo\\\/image\\\/\",\"url\":\"https:\\\/\\\/gockenholz.de\\\/home\\\/wp-content\\\/uploads\\\/2023\\\/02\\\/gockenholz_fav.png\",\"contentUrl\":\"https:\\\/\\\/gockenholz.de\\\/home\\\/wp-content\\\/uploads\\\/2023\\\/02\\\/gockenholz_fav.png\",\"width\":549,\"height\":550,\"caption\":\"B\u00fcrgerverein Gockenholz e. V.\"},\"image\":{\"@id\":\"https:\\\/\\\/gockenholz.de\\\/home\\\/#\\\/schema\\\/logo\\\/image\\\/\"},\"sameAs\":[\"https:\\\/\\\/www.facebook.com\\\/Gockenholz\\\/\"]}]}<\/script>\n<!-- \/ Yoast SEO plugin. -->","yoast_head_json":{"title":"F\u00fchrung durch die Obstplantage - gockenholz.de","robots":{"index":"index","follow":"follow","max-snippet":"max-snippet:-1","max-image-preview":"max-image-preview:large","max-video-preview":"max-video-preview:-1"},"canonical":"https:\/\/gockenholz.de\/home\/event\/fuehrung-durch-die-obstplantage\/","og_locale":"de_DE","og_type":"article","og_title":"F\u00fchrung durch die Obstplantage - gockenholz.de","og_description":"F\u00fchrung durch die Ostplantage mit Wilhelm Alps. Wissenwertes rund um den Obstanbau und deren Vermarktung. Treffen am neuen B\u00fcrgerhausum 11 Uhr. Die Tour endet am Beerencaf\u00e9. Die Plantagenbahn f\u00e4hrt mit.","og_url":"https:\/\/gockenholz.de\/home\/event\/fuehrung-durch-die-obstplantage\/","og_site_name":"gockenholz.de","article_publisher":"https:\/\/www.facebook.com\/Gockenholz\/","og_image":[{"width":383,"height":380,"url":"https:\/\/gockenholz.de\/home\/wp-content\/uploads\/2024\/08\/Aepfel.jpg","type":"image\/jpeg"}],"twitter_card":"summary_large_image","twitter_misc":{"Gesch\u00e4tzte Lesezeit":"1\u00a0Minute"},"schema":{"@context":"https:\/\/schema.org","@graph":[{"@type":"WebPage","@id":"https:\/\/gockenholz.de\/home\/event\/fuehrung-durch-die-obstplantage\/","url":"https:\/\/gockenholz.de\/home\/event\/fuehrung-durch-die-obstplantage\/","name":"F\u00fchrung durch die Obstplantage - gockenholz.de","isPartOf":{"@id":"https:\/\/gockenholz.de\/home\/#website"},"primaryImageOfPage":{"@id":"https:\/\/gockenholz.de\/home\/event\/fuehrung-durch-die-obstplantage\/#primaryimage"},"image":{"@id":"https:\/\/gockenholz.de\/home\/event\/fuehrung-durch-die-obstplantage\/#primaryimage"},"thumbnailUrl":"https:\/\/gockenholz.de\/home\/wp-content\/uploads\/2024\/08\/Aepfel.jpg","datePublished":"2024-08-23T08:23:41+00:00","breadcrumb":{"@id":"https:\/\/gockenholz.de\/home\/event\/fuehrung-durch-die-obstplantage\/#breadcrumb"},"inLanguage":"de","potentialAction":[{"@type":"ReadAction","target":["https:\/\/gockenholz.de\/home\/event\/fuehrung-durch-die-obstplantage\/"]}]},{"@type":"ImageObject","inLanguage":"de","@id":"https:\/\/gockenholz.de\/home\/event\/fuehrung-durch-die-obstplantage\/#primaryimage","url":"https:\/\/gockenholz.de\/home\/wp-content\/uploads\/2024\/08\/Aepfel.jpg","contentUrl":"https:\/\/gockenholz.de\/home\/wp-content\/uploads\/2024\/08\/Aepfel.jpg","width":383,"height":380},{"@type":"BreadcrumbList","@id":"https:\/\/gockenholz.de\/home\/event\/fuehrung-durch-die-obstplantage\/#breadcrumb","itemListElement":[{"@type":"ListItem","position":1,"name":"Startseite","item":"https:\/\/gockenholz.de\/home\/willkommen-in-gockenholz\/"},{"@type":"ListItem","position":2,"name":"Veranstaltungen","item":"https:\/\/gockenholz.de\/home\/events\/"},{"@type":"ListItem","position":3,"name":"F\u00fchrung durch die Obstplantage"}]},{"@type":"WebSite","@id":"https:\/\/gockenholz.de\/home\/#website","url":"https:\/\/gockenholz.de\/home\/","name":"gockenholz.de","description":"Hier l\u00e4sst es sich leben!","publisher":{"@id":"https:\/\/gockenholz.de\/home\/#organization"},"potentialAction":[{"@type":"SearchAction","target":{"@type":"EntryPoint","urlTemplate":"https:\/\/gockenholz.de\/home\/?s={search_term_string}"},"query-input":{"@type":"PropertyValueSpecification","valueRequired":true,"valueName":"search_term_string"}}],"inLanguage":"de"},{"@type":"Organization","@id":"https:\/\/gockenholz.de\/home\/#organization","name":"B\u00fcrgerverein Gockenholz e. V.","url":"https:\/\/gockenholz.de\/home\/","logo":{"@type":"ImageObject","inLanguage":"de","@id":"https:\/\/gockenholz.de\/home\/#\/schema\/logo\/image\/","url":"https:\/\/gockenholz.de\/home\/wp-content\/uploads\/2023\/02\/gockenholz_fav.png","contentUrl":"https:\/\/gockenholz.de\/home\/wp-content\/uploads\/2023\/02\/gockenholz_fav.png","width":549,"height":550,"caption":"B\u00fcrgerverein Gockenholz e. V."},"image":{"@id":"https:\/\/gockenholz.de\/home\/#\/schema\/logo\/image\/"},"sameAs":["https:\/\/www.facebook.com\/Gockenholz\/"]}]}},"jetpack_sharing_enabled":true,"_links":{"self":[{"href":"https:\/\/gockenholz.de\/home\/wp-json\/wp\/v2\/tribe_events\/1858","targetHints":{"allow":["GET"]}}],"collection":[{"href":"https:\/\/gockenholz.de\/home\/wp-json\/wp\/v2\/tribe_events"}],"about":[{"href":"https:\/\/gockenholz.de\/home\/wp-json\/wp\/v2\/types\/tribe_events"}],"author":[{"embeddable":true,"href":"https:\/\/gockenholz.de\/home\/wp-json\/wp\/v2\/users\/5"}],"version-history":[{"count":3,"href":"https:\/\/gockenholz.de\/home\/wp-json\/wp\/v2\/tribe_events\/1858\/revisions"}],"predecessor-version":[{"id":1862,"href":"https:\/\/gockenholz.de\/home\/wp-json\/wp\/v2\/tribe_events\/1858\/revisions\/1862"}],"wp:featuredmedia":[{"embeddable":true,"href":"https:\/\/gockenholz.de\/home\/wp-json\/wp\/v2\/media\/1860"}],"wp:attachment":[{"href":"https:\/\/gockenholz.de\/home\/wp-json\/wp\/v2\/media?parent=1858"}],"wp:term":[{"taxonomy":"post_tag","embeddable":true,"href":"https:\/\/gockenholz.de\/home\/wp-json\/wp\/v2\/tags?post=1858"},{"taxonomy":"tribe_events_cat","embeddable":true,"href":"https:\/\/gockenholz.de\/home\/wp-json\/wp\/v2\/tribe_events_cat?post=1858"}],"curies":[{"name":"wp","href":"https:\/\/api.w.org\/{rel}","templated":true}]}}